{"id":44,"date":"2010-12-09T18:32:54","date_gmt":"2010-12-09T17:32:54","guid":{"rendered":"http:\/\/192.168.0.9\/wedding\/?page_id=44"},"modified":"2011-01-13T18:25:19","modified_gmt":"2011-01-13T17:25:19","slug":"festlokal","status":"publish","type":"page","link":"https:\/\/isakssons.net\/wedding\/?page_id=44","title":{"rendered":"Festlokal"},"content":{"rendered":"<div id=\"attachment_109\" style=\"width: 310px\" class=\"wp-caption aligncenter\"><a href=\"http:\/\/www.borgila.nu\/\"><img loading=\"lazy\" decoding=\"async\" aria-describedby=\"caption-attachment-109\" class=\"size-medium wp-image-109\" title=\"M\/S Borgila\" src=\"http:\/\/isakssons.net\/wedding\/wp-content\/uploads\/2010\/12\/borgila-300x221.jpg\" alt=\"M\/S Borgila\" width=\"300\" height=\"221\" srcset=\"https:\/\/isakssons.net\/wedding\/wp-content\/uploads\/2010\/12\/borgila-300x221.jpg 300w, https:\/\/isakssons.net\/wedding\/wp-content\/uploads\/2010\/12\/borgila.jpg 365w\" sizes=\"(max-width: 300px) 100vw, 300px\" \/><\/a><p id=\"caption-attachment-109\" class=\"wp-caption-text\">M\/S Borgila<\/p><\/div>\n<p>Efter vigseln tar vi oss tillsammans ner till S\u00f6der M\u00e4larstrand. D\u00e4r kommer festen att h\u00e5llas p\u00e5 M\/S Borgila som ligger f\u00f6rankrad p\u00e5 kajplats 16.<\/p>\n<p>Det finns parkeringar alldeles utanf\u00f6r f\u00f6r er som har bil. F\u00f6r er som vill promenera s\u00e5 \u00e4r det en 15 minuters promenad fr\u00e5n kyrkan till b\u00e5ten s\u00e5 ta g\u00e4rna med ett par promenadv\u00e4nliga skor.<\/p>\n<p><a href=\"http:\/\/isakssons.net\/wedding\/wp-content\/uploads\/2010\/12\/festlokal_clip_image0042.jpg\"><img loading=\"lazy\" decoding=\"async\" class=\"aligncenter size-full wp-image-202\" title=\"festlokal_clip_image004\" src=\"http:\/\/isakssons.net\/wedding\/wp-content\/uploads\/2010\/12\/festlokal_clip_image0042.jpg\" alt=\"\" width=\"599\" height=\"176\" srcset=\"https:\/\/isakssons.net\/wedding\/wp-content\/uploads\/2010\/12\/festlokal_clip_image0042.jpg 599w, https:\/\/isakssons.net\/wedding\/wp-content\/uploads\/2010\/12\/festlokal_clip_image0042-300x88.jpg 300w\" sizes=\"(max-width: 599px) 100vw, 599px\" \/><\/a><br \/>\nTa trapporna ner fr\u00e5n kyrkan, g\u00e5 \u00f6ver Hornsgatan, upp f\u00f6r trapporna p\u00e5 andra sidan. Sv\u00e4ng till h\u00f6ger och sv\u00e4ng sedan f\u00f6rsta v\u00e4nster in p\u00e5 Bellmansgatan (Mellan de gula husen p\u00e5 bilden.)<br \/>\n<a href=\"http:\/\/isakssons.net\/wedding\/wp-content\/uploads\/2010\/12\/festlokal_clip_image006.jpg\"><img loading=\"lazy\" decoding=\"async\" class=\"aligncenter size-full wp-image-198\" title=\"festlokal_clip_image006\" src=\"http:\/\/isakssons.net\/wedding\/wp-content\/uploads\/2010\/12\/festlokal_clip_image006.jpg\" alt=\"\" width=\"600\" height=\"176\" srcset=\"https:\/\/isakssons.net\/wedding\/wp-content\/uploads\/2010\/12\/festlokal_clip_image006.jpg 600w, https:\/\/isakssons.net\/wedding\/wp-content\/uploads\/2010\/12\/festlokal_clip_image006-300x88.jpg 300w\" sizes=\"(max-width: 600px) 100vw, 600px\" \/><\/a><br \/>\nF\u00f6lj Bellmangatan, ta andra gatan \u00e5t v\u00e4nster det \u00e4r Tavastgatan.<br \/>\n<a href=\"http:\/\/isakssons.net\/wedding\/wp-content\/uploads\/2010\/12\/festlokal_clip_image008.jpg\"><img loading=\"lazy\" decoding=\"async\" class=\"aligncenter size-full wp-image-203\" title=\"festlokal_clip_image008\" src=\"http:\/\/isakssons.net\/wedding\/wp-content\/uploads\/2010\/12\/festlokal_clip_image008.jpg\" alt=\"\" width=\"600\" height=\"179\" srcset=\"https:\/\/isakssons.net\/wedding\/wp-content\/uploads\/2010\/12\/festlokal_clip_image008.jpg 600w, https:\/\/isakssons.net\/wedding\/wp-content\/uploads\/2010\/12\/festlokal_clip_image008-300x89.jpg 300w\" sizes=\"(max-width: 600px) 100vw, 600px\" \/><\/a><br \/>\nTag andra h\u00f6ger in p\u00e5 Blecktornsgr\u00e4nd.<br \/>\n<a href=\"http:\/\/isakssons.net\/wedding\/wp-content\/uploads\/2010\/12\/festlokal_clip_image010.jpg\"><img loading=\"lazy\" decoding=\"async\" class=\"aligncenter size-full wp-image-204\" title=\"festlokal_clip_image010\" src=\"http:\/\/isakssons.net\/wedding\/wp-content\/uploads\/2010\/12\/festlokal_clip_image010.jpg\" alt=\"\" width=\"600\" height=\"176\" srcset=\"https:\/\/isakssons.net\/wedding\/wp-content\/uploads\/2010\/12\/festlokal_clip_image010.jpg 600w, https:\/\/isakssons.net\/wedding\/wp-content\/uploads\/2010\/12\/festlokal_clip_image010-300x88.jpg 300w\" sizes=\"(max-width: 600px) 100vw, 600px\" \/><\/a><br \/>\nF\u00f6lj Blecktornsgr\u00e4nd tills du kommer till ett staket med utsikt \u00f6ver S\u00f6der M\u00e4larstrand.<br \/>\n<a href=\"http:\/\/isakssons.net\/wedding\/wp-content\/uploads\/2010\/12\/festlokal_clip_image012.jpg\"><img loading=\"lazy\" decoding=\"async\" class=\"aligncenter size-full wp-image-205\" title=\"festlokal_clip_image012\" src=\"http:\/\/isakssons.net\/wedding\/wp-content\/uploads\/2010\/12\/festlokal_clip_image012.jpg\" alt=\"\" width=\"600\" height=\"178\" srcset=\"https:\/\/isakssons.net\/wedding\/wp-content\/uploads\/2010\/12\/festlokal_clip_image012.jpg 600w, https:\/\/isakssons.net\/wedding\/wp-content\/uploads\/2010\/12\/festlokal_clip_image012-300x89.jpg 300w\" sizes=\"(max-width: 600px) 100vw, 600px\" \/><\/a><br \/>\nTa g\u00e5ngv\u00e4gen \u00e5t v\u00e4nster.<br \/>\n<a href=\"http:\/\/isakssons.net\/wedding\/wp-content\/uploads\/2010\/12\/festlokal_clip_image014.jpg\"><img loading=\"lazy\" decoding=\"async\" class=\"aligncenter size-full wp-image-206\" title=\"festlokal_clip_image014\" src=\"http:\/\/isakssons.net\/wedding\/wp-content\/uploads\/2010\/12\/festlokal_clip_image014.jpg\" alt=\"\" width=\"600\" height=\"178\" srcset=\"https:\/\/isakssons.net\/wedding\/wp-content\/uploads\/2010\/12\/festlokal_clip_image014.jpg 600w, https:\/\/isakssons.net\/wedding\/wp-content\/uploads\/2010\/12\/festlokal_clip_image014-300x89.jpg 300w\" sizes=\"(max-width: 600px) 100vw, 600px\" \/><\/a><br \/>\nF\u00f6lj g\u00e5ngv\u00e4gen tills du kommer till ett gult hus med tr\u00e4trappor. Ta trapporna ner och g\u00e5 \u00f6ver Monteliusv\u00e4gen.<br \/>\n<a href=\"http:\/\/isakssons.net\/wedding\/wp-content\/uploads\/2010\/12\/festlokal_clip_image016.jpg\"><img loading=\"lazy\" decoding=\"async\" class=\"aligncenter size-full wp-image-207\" title=\"festlokal_clip_image016\" src=\"http:\/\/isakssons.net\/wedding\/wp-content\/uploads\/2010\/12\/festlokal_clip_image016.jpg\" alt=\"\" width=\"600\" height=\"175\" srcset=\"https:\/\/isakssons.net\/wedding\/wp-content\/uploads\/2010\/12\/festlokal_clip_image016.jpg 600w, https:\/\/isakssons.net\/wedding\/wp-content\/uploads\/2010\/12\/festlokal_clip_image016-300x87.jpg 300w\" sizes=\"(max-width: 600px) 100vw, 600px\" \/><\/a><br \/>\nTa trapporna ner till S\u00f6der M\u00e4larstrand.<br \/>\n<a href=\"http:\/\/isakssons.net\/wedding\/wp-content\/uploads\/2010\/12\/festlokal_clip_image018.jpg\"><img loading=\"lazy\" decoding=\"async\" class=\"aligncenter size-full wp-image-208\" title=\"festlokal_clip_image018\" src=\"http:\/\/isakssons.net\/wedding\/wp-content\/uploads\/2010\/12\/festlokal_clip_image018.jpg\" alt=\"\" width=\"600\" height=\"182\" srcset=\"https:\/\/isakssons.net\/wedding\/wp-content\/uploads\/2010\/12\/festlokal_clip_image018.jpg 600w, https:\/\/isakssons.net\/wedding\/wp-content\/uploads\/2010\/12\/festlokal_clip_image018-300x91.jpg 300w\" sizes=\"(max-width: 600px) 100vw, 600px\" \/><\/a><br \/>\nAndra b\u00e5ten till v\u00e4nster n\u00e4r du kommer ner f\u00f6r trapporna.<\/p>\n<p><a href=\"http:\/\/isakssons.net\/wedding\/wp-content\/uploads\/2010\/12\/festlokal_clip_image0021.jpg\"><img loading=\"lazy\" decoding=\"async\" class=\"aligncenter size-full wp-image-209\" title=\"festlokal_clip_image002\" src=\"http:\/\/isakssons.net\/wedding\/wp-content\/uploads\/2010\/12\/festlokal_clip_image0021.jpg\" alt=\"\" width=\"480\" height=\"275\" srcset=\"https:\/\/isakssons.net\/wedding\/wp-content\/uploads\/2010\/12\/festlokal_clip_image0021.jpg 480w, https:\/\/isakssons.net\/wedding\/wp-content\/uploads\/2010\/12\/festlokal_clip_image0021-300x171.jpg 300w\" sizes=\"(max-width: 480px) 100vw, 480px\" \/><\/a><\/p>\n","protected":false},"excerpt":{"rendered":"<p>Efter vigseln tar vi oss tillsammans ner till S\u00f6der M\u00e4larstrand. D\u00e4r kommer festen att h\u00e5llas p\u00e5 M\/S Borgila som ligger f\u00f6rankrad p\u00e5 kajplats 16. Det finns parkeringar alldeles utanf\u00f6r f\u00f6r er som har bil. F\u00f6r er som vill promenera s\u00e5 \u00e4r det en 15 minuters promenad fr\u00e5n kyrkan till b\u00e5ten s\u00e5 ta g\u00e4rna med ett [&hellip;]<\/p>\n","protected":false},"author":1,"featured_media":0,"parent":0,"menu_order":30,"comment_status":"closed","ping_status":"closed","template":"","meta":{"ngg_post_thumbnail":0,"footnotes":""},"class_list":["post-44","page","type-page","status-publish","hentry"],"_links":{"self":[{"href":"https:\/\/isakssons.net\/wedding\/index.php?rest_route=\/wp\/v2\/pages\/44"}],"collection":[{"href":"https:\/\/isakssons.net\/wedding\/index.php?rest_route=\/wp\/v2\/pages"}],"about":[{"href":"https:\/\/isakssons.net\/wedding\/index.php?rest_route=\/wp\/v2\/types\/page"}],"author":[{"embeddable":true,"href":"https:\/\/isakssons.net\/wedding\/index.php?rest_route=\/wp\/v2\/users\/1"}],"replies":[{"embeddable":true,"href":"https:\/\/isakssons.net\/wedding\/index.php?rest_route=%2Fwp%2Fv2%2Fcomments&post=44"}],"version-history":[{"count":11,"href":"https:\/\/isakssons.net\/wedding\/index.php?rest_route=\/wp\/v2\/pages\/44\/revisions"}],"predecessor-version":[{"id":197,"href":"https:\/\/isakssons.net\/wedding\/index.php?rest_route=\/wp\/v2\/pages\/44\/revisions\/197"}],"wp:attachment":[{"href":"https:\/\/isakssons.net\/wedding\/index.php?rest_route=%2Fwp%2Fv2%2Fmedia&parent=44"}],"curies":[{"name":"wp","href":"https:\/\/api.w.org\/{rel}","templated":true}]}}